{"id":60,"date":"2015-12-26T18:30:03","date_gmt":"2015-12-26T18:30:03","guid":{"rendered":"http:\/\/wp12612379.server-he.de\/?page_id=60"},"modified":"2020-04-05T14:14:39","modified_gmt":"2020-04-05T14:14:39","slug":"deutsch-entzundungen-darm-niere","status":"publish","type":"page","link":"https:\/\/scholbach.de\/pt\/wissenschaft\/deutsch-ultraschalldiagnostik\/deutsch-durchblutungsmessung\/deutsch-entzundungen-darm-niere","title":{"rendered":"Inflama\u00e7\u00f5es"},"content":{"rendered":"<p>A inflama\u00e7\u00e3o aumenta o fluxo sangu\u00edneo para o \u00f3rg\u00e3o ou tecido afectado. O corpo reage ao est\u00edmulo inflamat\u00f3rio dilatando os vasos sangu\u00edneos para que mais sangue e, portanto, mais c\u00e9lulas imunes cheguem ao local do evento inflamat\u00f3rio.<\/p>\n<p><strong>Medi\u00e7\u00e3o do fluxo sangu\u00edneo na doen\u00e7a de Crohn<\/strong><\/p>\n<p>As doen\u00e7as inflamat\u00f3rias cr\u00f3nicas do intestino, como a doen\u00e7a de Crohn e a colite ulcerosa, progridem intermitentemente. Nas fases activas da doen\u00e7a, durante uma recidiva inflamat\u00f3ria, a circula\u00e7\u00e3o sangu\u00ednea no intestino est\u00e1 aumentada. A rea\u00e7\u00e3o inflamat\u00f3ria violenta geralmente leva \u00e0 dor abdominal. Se um paciente com doen\u00e7a de Crohn se queixar de dor abdominal, a causa pode ser uma recidiva de inflama\u00e7\u00e3o. Mas \u00e9 claro que a dor abdominal tamb\u00e9m pode ter outras causas. Portanto, \u00e9 necess\u00e1rio para a terapia da dor abdominal para determinar a causa exata.<br \/>\nQuando perguntado se a dor abdominal \u00e9 devida a outra causa ou a outra reca\u00edda, uma medi\u00e7\u00e3o do fluxo sangu\u00edneo do intestino fornece uma resposta. Desta forma, pode ser decidido se a recidiva inflamat\u00f3ria cr\u00f3nica deve ser tratada ou se deve ser procurada outra causa de dor abdominal e escolhida outra terap\u00eautica adequada.<\/p>\n<p>A ultrassonografia a seguir fornece um exemplo de um epis\u00f3dio inflamat\u00f3rio em um paciente com doen\u00e7a de Crohn. O espessamento da parede do intestino, que \u00e9 t\u00edpico da doen\u00e7a de Crohn e j\u00e1 pode ser visto em ultrassonografia simples, n\u00e3o pode fornecer qualquer indica\u00e7\u00e3o da quest\u00e3o de uma recidiva atual, uma vez que permanece por meses ap\u00f3s a inflama\u00e7\u00e3o ter diminu\u00eddo. N\u00e3o \u00e9, portanto, uma medida adequada da actividade inflamat\u00f3ria actual. No v\u00eddeo ultrassonogr\u00e1fico duplex a cores, no entanto, o aumento da circula\u00e7\u00e3o sangu\u00ednea \u00e9 claramente percept\u00edvel devido ao aumento da colora\u00e7\u00e3o. Com a medi\u00e7\u00e3o do fluxo sangu\u00edneo tecidual PixelFlux, a atividade inflamat\u00f3ria pode ser medida com precis\u00e3o. Est\u00e1 muito aumentada. O paciente sofre, portanto, de um surto inflamat\u00f3rio atual.<\/p>\n<p>&nbsp;<\/p>\n<p>&nbsp;<\/p>\n<div style=\"width: 640px;\" class=\"wp-video\"><video class=\"wp-video-shortcode\" id=\"video-60-9\" width=\"640\" height=\"360\" preload=\"metadata\" controls=\"controls\"><source type=\"video\/mp4\" src=\"http:\/\/wp12612379.server-he.de\/wp-content\/uploads\/2015\/12\/Crohn-RJ-aktiv-CD.mp4?_=9\" \/><a href=\"http:\/\/wp12612379.server-he.de\/wp-content\/uploads\/2015\/12\/Crohn-RJ-aktiv-CD.mp4\">http:\/\/wp12612379.server-he.de\/wp-content\/uploads\/2015\/12\/Crohn-RJ-aktiv-CD.mp4<\/a><\/video><\/div>\n<p>O quadro a seguir foi tirado por outro paciente com doen\u00e7a de Crohn que tamb\u00e9m se queixava de dor abdominal. Em contraste com a admiss\u00e3o anterior, a medida n\u00e3o mostra um aumento da circula\u00e7\u00e3o sangu\u00ednea. A atividade inflamat\u00f3ria n\u00e3o est\u00e1, portanto, aumentada. A dor abdominal deve, portanto, ter outra causa, um tratamento da doen\u00e7a de Crohn provavelmente n\u00e3o teria qualquer efeito sobre a dor abdominal:<\/p>\n<div style=\"width: 640px;\" class=\"wp-video\"><video class=\"wp-video-shortcode\" id=\"video-60-10\" width=\"640\" height=\"360\" preload=\"metadata\" controls=\"controls\"><source type=\"video\/mp4\" src=\"http:\/\/wp12612379.server-he.de\/wp-content\/uploads\/2015\/12\/Crohn-ruhend-RJ-CD.mp4?_=10\" \/><a href=\"http:\/\/wp12612379.server-he.de\/wp-content\/uploads\/2015\/12\/Crohn-ruhend-RJ-CD.mp4\">http:\/\/wp12612379.server-he.de\/wp-content\/uploads\/2015\/12\/Crohn-ruhend-RJ-CD.mp4<\/a><\/video><\/div>\n<p><strong>Diagn\u00f3stico de dor abdominal: apendicite ou n\u00e3o?<\/strong><\/p>\n<p>Em crian\u00e7as que se queixam de dor abdominal, a quest\u00e3o \u00e9 muitas vezes levantada se eles t\u00eam apendicite (uma inflama\u00e7\u00e3o do ap\u00eandice, que \u00e9 muitas vezes abreviado como &#8220;apendicite&#8221;). A sonografia duplex a cores permite avaliar a situa\u00e7\u00e3o de forma simples e bastante clara. A medi\u00e7\u00e3o do aumento da circula\u00e7\u00e3o sangu\u00ednea relacionado com a inflama\u00e7\u00e3o facilita a decis\u00e3o sobre se o ap\u00eandice (ap\u00eandice) deve ser removido cirurgicamente ou se a terapia com medicamentos \u00e9 suficiente para eliminar a inflama\u00e7\u00e3o. Nos casos em que a medi\u00e7\u00e3o do fluxo sangu\u00edneo mostra que a cirurgia n\u00e3o \u00e9 necess\u00e1ria, os pacientes s\u00e3o poupados \u00e0 cirurgia gra\u00e7as \u00e0 sonografia duplex a cores e \u00e0 medi\u00e7\u00e3o PixelFlux.<\/p>\n<p>&nbsp;<\/p>\n<p><img loading=\"lazy\" decoding=\"async\" class=\" wp-image-254 aligncenter\" src=\"http:\/\/wp12612379.server-he.de\/wp-content\/uploads\/2016\/06\/Appendicitis.jpg\" alt=\"Appendicitis\" width=\"524\" height=\"305\" srcset=\"https:\/\/scholbach.de\/wp-content\/uploads\/2016\/06\/Appendicitis.jpg 397w, https:\/\/scholbach.de\/wp-content\/uploads\/2016\/06\/Appendicitis-300x175.jpg 300w\" sizes=\"auto, (max-width: 524px) 100vw, 524px\" \/><\/p>\n<p><strong>Inflama\u00e7\u00e3o dos rins<\/strong><\/p>\n<p>Se as recidivas inflamat\u00f3rias nas doen\u00e7as renais forem detectadas r\u00e1pida e claramente, \u00e9 poss\u00edvel evitar que se tornem cr\u00f3nicas. As medi\u00e7\u00f5es da circula\u00e7\u00e3o sangu\u00ednea permitem que sejam feitas declara\u00e7\u00f5es precisas aqui. A figura seguinte mostra um rim saud\u00e1vel com baixa colora\u00e7\u00e3o e diagrama de perfus\u00e3o normal:<\/p>\n<p>&nbsp;<\/p>\n<p><img loading=\"lazy\" decoding=\"async\" class=\" wp-image-338 aligncenter\" src=\"http:\/\/wp12612379.server-he.de\/wp-content\/uploads\/2015\/12\/Nierentzuendung-gesund.jpg\" alt=\"Nierentzuendung-gesund\" width=\"562\" height=\"468\" srcset=\"https:\/\/scholbach.de\/wp-content\/uploads\/2015\/12\/Nierentzuendung-gesund.jpg 482w, https:\/\/scholbach.de\/wp-content\/uploads\/2015\/12\/Nierentzuendung-gesund-300x250.jpg 300w\" sizes=\"auto, (max-width: 562px) 100vw, 562px\" \/>Na figura abaixo, por outro lado, uma compara\u00e7\u00e3o mostra um aumento maci\u00e7o na perfus\u00e3o &#8211; esta \u00e9 uma inflama\u00e7\u00e3o renal:<\/p>\n<p><img loading=\"lazy\" decoding=\"async\" class=\" wp-image-339 aligncenter\" src=\"http:\/\/wp12612379.server-he.de\/wp-content\/uploads\/2015\/12\/Nierentzuendung-krank.jpg\" alt=\"Nierentzuendung-krank\" width=\"545\" height=\"371\" srcset=\"https:\/\/scholbach.de\/wp-content\/uploads\/2015\/12\/Nierentzuendung-krank.jpg 591w, https:\/\/scholbach.de\/wp-content\/uploads\/2015\/12\/Nierentzuendung-krank-300x204.jpg 300w\" sizes=\"auto, (max-width: 545px) 100vw, 545px\" \/><\/p>\n<p>&nbsp;<\/p>\n<p>&nbsp;<\/p>","protected":false},"excerpt":{"rendered":"<p>A inflama\u00e7\u00e3o aumenta o fluxo sangu\u00edneo para o \u00f3rg\u00e3o ou tecido afectado. O corpo reage ao est\u00edmulo inflamat\u00f3rio dilatando os vasos sangu\u00edneos para que mais sangue e, portanto, mais c\u00e9lulas imunes cheguem ao local do evento inflamat\u00f3rio. Medi\u00e7\u00e3o do fluxo sangu\u00edneo na doen\u00e7a de Crohn As doen\u00e7as inflamat\u00f3rias cr\u00f3nicas do intestino, como a doen\u00e7a de [&hellip;]<\/p>\n","protected":false},"author":4,"featured_media":0,"parent":74,"menu_order":0,"comment_status":"closed","ping_status":"closed","template":"","meta":{"om_disable_all_campaigns":false,"footnotes":""},"class_list":["post-60","page","type-page","status-publish","hentry"],"_links":{"self":[{"href":"https:\/\/scholbach.de\/pt\/wp-json\/wp\/v2\/pages\/60","targetHints":{"allow":["GET"]}}],"collection":[{"href":"https:\/\/scholbach.de\/pt\/wp-json\/wp\/v2\/pages"}],"about":[{"href":"https:\/\/scholbach.de\/pt\/wp-json\/wp\/v2\/types\/page"}],"author":[{"embeddable":true,"href":"https:\/\/scholbach.de\/pt\/wp-json\/wp\/v2\/users\/4"}],"replies":[{"embeddable":true,"href":"https:\/\/scholbach.de\/pt\/wp-json\/wp\/v2\/comments?post=60"}],"version-history":[{"count":44,"href":"https:\/\/scholbach.de\/pt\/wp-json\/wp\/v2\/pages\/60\/revisions"}],"predecessor-version":[{"id":4429,"href":"https:\/\/scholbach.de\/pt\/wp-json\/wp\/v2\/pages\/60\/revisions\/4429"}],"up":[{"embeddable":true,"href":"https:\/\/scholbach.de\/pt\/wp-json\/wp\/v2\/pages\/74"}],"wp:attachment":[{"href":"https:\/\/scholbach.de\/pt\/wp-json\/wp\/v2\/media?parent=60"}],"curies":[{"name":"wp","href":"https:\/\/api.w.org\/{rel}","templated":true}]}}